{"id":36,"date":"2022-04-02T09:20:48","date_gmt":"2022-04-02T07:20:48","guid":{"rendered":"http:\/\/conseil-couples-education-affective-jeunes.fr\/?page_id=36"},"modified":"2023-03-15T18:22:23","modified_gmt":"2023-03-15T17:22:23","slug":"me-contacter","status":"publish","type":"page","link":"https:\/\/conseil-couples-education-affective-jeunes.fr\/index.php\/me-contacter\/","title":{"rendered":"Me contacter"},"content":{"rendered":"\n<div class=\"wp-block-columns alignwide is-layout-flex wp-container-core-columns-is-layout-28f84493 wp-block-columns-is-layout-flex\">\n<div class=\"wp-block-column is-layout-flow wp-block-column-is-layout-flow\">\n<h2 class=\"wp-block-heading\">Pour venir en entretien<\/h2>\n\n\n\n<p class=\"has-text-align-left\">Adresse : 12 c\u00f4te des Violettes  22190 Pl\u00e9rin<\/p>\n\n\n\n<p>Pr\u00e8s de St Brieuc (port du L\u00e9gu\u00e9)<\/p>\n\n\n\n<p>Parking facile et gratuit.<\/p>\n\n\n\n<div style=\"height:12px\" aria-hidden=\"true\" class=\"wp-block-spacer\"><\/div>\n\n\n\n<div class=\"wp-block-buttons is-layout-flex wp-block-buttons-is-layout-flex\">\n<div class=\"wp-block-button is-style-outline is-style-outline--1\"><a class=\"wp-block-button__link has-foreground-color has-text-color wp-element-button\" href=\"https:\/\/www.google.fr\/maps\/dir\/\/sophie+dubern+pl%C3%A9rin\/@48.5291287,-2.7794,13z\/data=!4m8!4m7!1m0!1m5!1m1!1s0x480e03813c25743d:0x7d80399b6c3d767f!2m2!1d-2.7443807!2d48.5290772\">Voir l&rsquo;itin\u00e9raire<\/a><\/div>\n<\/div>\n\n\n\n<div style=\"height:17px\" aria-hidden=\"true\" class=\"wp-block-spacer\"><\/div>\n\n\n\n<p>Pour venir en transports en commun, vous pouvez prendre la ligne D avec un arr\u00eat \u00e0 \u00ab\u00a0Place de la R\u00e9sistance\u00a0\u00bb puis quelques minutes de marche.<\/p>\n\n\n\n<div class=\"wp-block-buttons is-layout-flex wp-block-buttons-is-layout-flex\">\n<div class=\"wp-block-button is-style-outline is-style-outline--2\"><a class=\"wp-block-button__link wp-element-button\" href=\"https:\/\/tub.bzh\/reseau\/lignes\/ligne-d\">Bus &#8211; TUB<\/a><\/div>\n<\/div>\n\n\n\n<div style=\"height:53px\" aria-hidden=\"true\" class=\"wp-block-spacer\"><\/div>\n<\/div>\n\n\n\n<div class=\"wp-block-column is-layout-flow wp-block-column-is-layout-flow\">\n<h2 class=\"wp-block-heading\">Pour me laisser un message ou prendre RDV<\/h2>\n\n\n\n<p>N&rsquo;h\u00e9sitez pas \u00e0 me laisser votre num\u00e9ro de t\u00e9l\u00e9phone afin que je puisse vous contacter. Il est parfois plus facile de trouver un cr\u00e9neau pour un rendez-vous ou de r\u00e9pondre \u00e0 vos questions de vive voix. <\/p>\n\n\n\n<div class=\"wp-block-contact-form-7-contact-form-selector\"><div role=\"form\" class=\"wpcf7\" id=\"wpcf7-f111-o1\" lang=\"fr-FR\" dir=\"ltr\">\n<div class=\"screen-reader-response\"><p role=\"status\" aria-live=\"polite\" aria-atomic=\"true\"><\/p> <ul><\/ul><\/div>\n<form action=\"\/index.php\/wp-json\/wp\/v2\/pages\/36#wpcf7-f111-o1\" method=\"post\" class=\"wpcf7-form init\" novalidate=\"novalidate\" data-status=\"init\">\n<div style=\"display: none;\">\n<input type=\"hidden\" name=\"_wpcf7\" value=\"111\" \/>\n<input type=\"hidden\" name=\"_wpcf7_version\" value=\"5.5.6\" \/>\n<input type=\"hidden\" name=\"_wpcf7_locale\" value=\"fr_FR\" \/>\n<input type=\"hidden\" name=\"_wpcf7_unit_tag\" value=\"wpcf7-f111-o1\" \/>\n<input type=\"hidden\" name=\"_wpcf7_container_post\" value=\"0\" \/>\n<input type=\"hidden\" name=\"_wpcf7_posted_data_hash\" value=\"\" \/>\n<\/div>\n<p><label> Votre nom<br \/>\n    <span class=\"wpcf7-form-control-wrap your-name\"><input type=\"text\" name=\"your-name\" value=\"\" size=\"40\" class=\"wpcf7-form-control wpcf7-text wpcf7-validates-as-required\" aria-required=\"true\" aria-invalid=\"false\" \/><\/span> <\/label><\/p>\n<p><label> Votre e-mail<br \/>\n    <span class=\"wpcf7-form-control-wrap your-email\"><input type=\"email\" name=\"your-email\" value=\"\" size=\"40\" class=\"wpcf7-form-control wpcf7-text wpcf7-email wpcf7-validates-as-required wpcf7-validates-as-email\" aria-required=\"true\" aria-invalid=\"false\" \/><\/span> <\/label><\/p>\n<p><label> Objet<br \/>\n    <span class=\"wpcf7-form-control-wrap your-subject\"><input type=\"text\" name=\"your-subject\" value=\"\" size=\"40\" class=\"wpcf7-form-control wpcf7-text wpcf7-validates-as-required\" aria-required=\"true\" aria-invalid=\"false\" \/><\/span> <\/label><\/p>\n<p><label> Votre message (facultatif)<br \/>\n    <span class=\"wpcf7-form-control-wrap your-message\"><textarea name=\"your-message\" cols=\"40\" rows=\"10\" class=\"wpcf7-form-control wpcf7-textarea\" aria-invalid=\"false\"><\/textarea><\/span> <\/label><\/p>\n<p><input type=\"submit\" value=\"Envoyer\" class=\"wpcf7-form-control has-spinner wpcf7-submit\" \/><\/p>\n<div class=\"wpcf7-response-output\" aria-hidden=\"true\"><\/div><\/form><\/div><\/div>\n<\/div>\n<\/div>\n\n\n\n<div class=\"wp-block-columns alignwide is-layout-flex wp-container-core-columns-is-layout-28f84493 wp-block-columns-is-layout-flex\">\n<div class=\"wp-block-column is-layout-flow wp-block-column-is-layout-flow\">\n<figure class=\"wp-block-image size-full\"><img loading=\"lazy\" decoding=\"async\" width=\"443\" height=\"591\" src=\"http:\/\/conseil-couples-education-affective-jeunes.fr\/wp-content\/uploads\/2022\/04\/Photo-bureau-2-rotated.jpg\" alt=\"\" class=\"wp-image-589\" srcset=\"https:\/\/conseil-couples-education-affective-jeunes.fr\/wp-content\/uploads\/2022\/04\/Photo-bureau-2-rotated.jpg 443w, https:\/\/conseil-couples-education-affective-jeunes.fr\/wp-content\/uploads\/2022\/04\/Photo-bureau-2-225x300.jpg 225w\" sizes=\"auto, (max-width: 443px) 100vw, 443px\" \/><\/figure>\n<\/div>\n\n\n\n<div class=\"wp-block-column is-layout-flow wp-block-column-is-layout-flow\">\n<figure class=\"wp-block-image size-full\"><img loading=\"lazy\" decoding=\"async\" width=\"443\" height=\"591\" src=\"http:\/\/conseil-couples-education-affective-jeunes.fr\/wp-content\/uploads\/2022\/04\/Photo-bureau-1-rotated.jpg\" alt=\"\" class=\"wp-image-588\" srcset=\"https:\/\/conseil-couples-education-affective-jeunes.fr\/wp-content\/uploads\/2022\/04\/Photo-bureau-1-rotated.jpg 443w, https:\/\/conseil-couples-education-affective-jeunes.fr\/wp-content\/uploads\/2022\/04\/Photo-bureau-1-225x300.jpg 225w\" sizes=\"auto, (max-width: 443px) 100vw, 443px\" \/><\/figure>\n<\/div>\n<\/div>\n\n\n\n<ul class=\"wp-block-social-links is-content-justification-center is-layout-flex wp-container-core-social-links-is-layout-a89b3969 wp-block-social-links-is-layout-flex\"><li class=\"wp-social-link wp-social-link-linkedin  wp-block-social-link\"><a href=\"https:\/\/www.linkedin.com\/in\/sophie-dubern-325918215\/?originalSubdomain=fr\" class=\"wp-block-social-link-anchor\"><svg width=\"24\" height=\"24\" viewBox=\"0 0 24 24\" version=\"1.1\" xmlns=\"http:\/\/www.w3.org\/2000\/svg\" aria-hidden=\"true\" focusable=\"false\"><path d=\"M19.7,3H4.3C3.582,3,3,3.582,3,4.3v15.4C3,20.418,3.582,21,4.3,21h15.4c0.718,0,1.3-0.582,1.3-1.3V4.3 C21,3.582,20.418,3,19.7,3z M8.339,18.338H5.667v-8.59h2.672V18.338z M7.004,8.574c-0.857,0-1.549-0.694-1.549-1.548 c0-0.855,0.691-1.548,1.549-1.548c0.854,0,1.547,0.694,1.547,1.548C8.551,7.881,7.858,8.574,7.004,8.574z M18.339,18.338h-2.669 v-4.177c0-0.996-0.017-2.278-1.387-2.278c-1.389,0-1.601,1.086-1.601,2.206v4.249h-2.667v-8.59h2.559v1.174h0.037 c0.356-0.675,1.227-1.387,2.526-1.387c2.703,0,3.203,1.779,3.203,4.092V18.338z\"><\/path><\/svg><span class=\"wp-block-social-link-label screen-reader-text\">LinkedIn<\/span><\/a><\/li>\n\n<li class=\"wp-social-link wp-social-link-facebook  wp-block-social-link\"><a href=\"https:\/\/www.facebook.com\/profile.php?id=100069990423704\" class=\"wp-block-social-link-anchor\"><svg width=\"24\" height=\"24\" viewBox=\"0 0 24 24\" version=\"1.1\" xmlns=\"http:\/\/www.w3.org\/2000\/svg\" aria-hidden=\"true\" focusable=\"false\"><path d=\"M12 2C6.5 2 2 6.5 2 12c0 5 3.7 9.1 8.4 9.9v-7H7.9V12h2.5V9.8c0-2.5 1.5-3.9 3.8-3.9 1.1 0 2.2.2 2.2.2v2.5h-1.3c-1.2 0-1.6.8-1.6 1.6V12h2.8l-.4 2.9h-2.3v7C18.3 21.1 22 17 22 12c0-5.5-4.5-10-10-10z\"><\/path><\/svg><span class=\"wp-block-social-link-label screen-reader-text\">Facebook<\/span><\/a><\/li><\/ul>\n\n\n\n<h3 class=\"has-text-align-center has-small-font-size wp-block-heading\">Sophie DUBERN, Conseil Conjugal et Familial, Education Affective Relationnelle et Sexuelle, Pl\u00e9rin &#8211; Saint Brieuc, C\u00f4tes d&rsquo;Armor (22)<\/h3>\n","protected":false},"excerpt":{"rendered":"<p>Pour venir en entretien Adresse : 12 c\u00f4te des Violettes 22190 Pl\u00e9rin Pr\u00e8s de St Brieuc (port du L\u00e9gu\u00e9) Parking facile et gratuit. Pour venir en transports en commun, vous pouvez prendre la ligne D avec un arr\u00eat \u00e0 \u00ab\u00a0Place de la R\u00e9sistance\u00a0\u00bb puis quelques minutes de marche. Pour me laisser un message ou prendre [&hellip;]<\/p>\n","protected":false},"author":1,"featured_media":0,"parent":0,"menu_order":20,"comment_status":"closed","ping_status":"closed","template":"wp-custom-template-perso-esd-1","meta":{"footnotes":""},"class_list":["post-36","page","type-page","status-publish","hentry"],"yoast_head":"<!-- This site is optimized with the Yoast SEO plugin v27.5 - https:\/\/yoast.com\/product\/yoast-seo-wordpress\/ -->\n<title>Me contacter - Sophie DUBERN, Conseil Conjugal et Education Affective<\/title>\n<meta name=\"description\" content=\"Accompagnement individuel ou en couple, enfants, ados, personnes c\u00e9libataires, veuves,... Pl\u00e9rin - St Brieuc le L\u00e9gu\u00e9, C\u00f4tes d&#039;Armor - 22.\" \/>\n<meta name=\"robots\" content=\"index, follow, max-snippet:-1, max-image-preview:large, max-video-preview:-1\" \/>\n<link rel=\"canonical\" href=\"https:\/\/conseil-couples-education-affective-jeunes.fr\/index.php\/me-contacter\/\" \/>\n<meta property=\"og:locale\" content=\"fr_FR\" \/>\n<meta property=\"og:type\" content=\"article\" \/>\n<meta property=\"og:title\" content=\"Me contacter - Sophie DUBERN, Conseil Conjugal et Education Affective\" \/>\n<meta property=\"og:description\" content=\"Accompagnement individuel ou en couple, enfants, ados, personnes c\u00e9libataires, veuves,... Pl\u00e9rin - St Brieuc le L\u00e9gu\u00e9, C\u00f4tes d&#039;Armor - 22.\" \/>\n<meta property=\"og:url\" content=\"https:\/\/conseil-couples-education-affective-jeunes.fr\/index.php\/me-contacter\/\" \/>\n<meta property=\"og:site_name\" content=\"Sophie DUBERN, Conseil Conjugal et Education Affective\" \/>\n<meta property=\"article:modified_time\" content=\"2023-03-15T17:22:23+00:00\" \/>\n<meta property=\"og:image\" content=\"http:\/\/conseil-couples-education-affective-jeunes.fr\/wp-content\/uploads\/2022\/04\/Photo-bureau-2-rotated.jpg\" \/>\n<meta name=\"twitter:card\" content=\"summary_large_image\" \/>\n<meta name=\"twitter:label1\" content=\"Dur\u00e9e de lecture estim\u00e9e\" \/>\n\t<meta name=\"twitter:data1\" content=\"1 minute\" \/>\n<script type=\"application\/ld+json\" class=\"yoast-schema-graph\">{\"@context\":\"https:\\\/\\\/schema.org\",\"@graph\":[{\"@type\":\"WebPage\",\"@id\":\"https:\\\/\\\/conseil-couples-education-affective-jeunes.fr\\\/index.php\\\/me-contacter\\\/\",\"url\":\"https:\\\/\\\/conseil-couples-education-affective-jeunes.fr\\\/index.php\\\/me-contacter\\\/\",\"name\":\"Me contacter - Sophie DUBERN, Conseil Conjugal et Education Affective\",\"isPartOf\":{\"@id\":\"https:\\\/\\\/conseil-couples-education-affective-jeunes.fr\\\/#website\"},\"primaryImageOfPage\":{\"@id\":\"https:\\\/\\\/conseil-couples-education-affective-jeunes.fr\\\/index.php\\\/me-contacter\\\/#primaryimage\"},\"image\":{\"@id\":\"https:\\\/\\\/conseil-couples-education-affective-jeunes.fr\\\/index.php\\\/me-contacter\\\/#primaryimage\"},\"thumbnailUrl\":\"http:\\\/\\\/conseil-couples-education-affective-jeunes.fr\\\/wp-content\\\/uploads\\\/2022\\\/04\\\/Photo-bureau-2-rotated.jpg\",\"datePublished\":\"2022-04-02T07:20:48+00:00\",\"dateModified\":\"2023-03-15T17:22:23+00:00\",\"description\":\"Accompagnement individuel ou en couple, enfants, ados, personnes c\u00e9libataires, veuves,... Pl\u00e9rin - St Brieuc le L\u00e9gu\u00e9, C\u00f4tes d'Armor - 22.\",\"breadcrumb\":{\"@id\":\"https:\\\/\\\/conseil-couples-education-affective-jeunes.fr\\\/index.php\\\/me-contacter\\\/#breadcrumb\"},\"inLanguage\":\"fr-FR\",\"potentialAction\":[{\"@type\":\"ReadAction\",\"target\":[\"https:\\\/\\\/conseil-couples-education-affective-jeunes.fr\\\/index.php\\\/me-contacter\\\/\"]}]},{\"@type\":\"ImageObject\",\"inLanguage\":\"fr-FR\",\"@id\":\"https:\\\/\\\/conseil-couples-education-affective-jeunes.fr\\\/index.php\\\/me-contacter\\\/#primaryimage\",\"url\":\"https:\\\/\\\/conseil-couples-education-affective-jeunes.fr\\\/wp-content\\\/uploads\\\/2022\\\/04\\\/Photo-bureau-2-rotated.jpg\",\"contentUrl\":\"https:\\\/\\\/conseil-couples-education-affective-jeunes.fr\\\/wp-content\\\/uploads\\\/2022\\\/04\\\/Photo-bureau-2-rotated.jpg\",\"width\":443,\"height\":591},{\"@type\":\"BreadcrumbList\",\"@id\":\"https:\\\/\\\/conseil-couples-education-affective-jeunes.fr\\\/index.php\\\/me-contacter\\\/#breadcrumb\",\"itemListElement\":[{\"@type\":\"ListItem\",\"position\":1,\"name\":\"Accueil\",\"item\":\"https:\\\/\\\/conseil-couples-education-affective-jeunes.fr\\\/\"},{\"@type\":\"ListItem\",\"position\":2,\"name\":\"Me contacter\"}]},{\"@type\":\"WebSite\",\"@id\":\"https:\\\/\\\/conseil-couples-education-affective-jeunes.fr\\\/#website\",\"url\":\"https:\\\/\\\/conseil-couples-education-affective-jeunes.fr\\\/\",\"name\":\"Sophie DUBERN, Conseil Conjugal et Education Affective\",\"description\":\"Conseil Conjugal et Education Affective \u00e0 Pl\u00e9rin - Saint Brieuc (22)t\",\"potentialAction\":[{\"@type\":\"SearchAction\",\"target\":{\"@type\":\"EntryPoint\",\"urlTemplate\":\"https:\\\/\\\/conseil-couples-education-affective-jeunes.fr\\\/?s={search_term_string}\"},\"query-input\":{\"@type\":\"PropertyValueSpecification\",\"valueRequired\":true,\"valueName\":\"search_term_string\"}}],\"inLanguage\":\"fr-FR\"}]}<\/script>\n<!-- \/ Yoast SEO plugin. -->","yoast_head_json":{"title":"Me contacter - Sophie DUBERN, Conseil Conjugal et Education Affective","description":"Accompagnement individuel ou en couple, enfants, ados, personnes c\u00e9libataires, veuves,... Pl\u00e9rin - St Brieuc le L\u00e9gu\u00e9, C\u00f4tes d'Armor - 22.","robots":{"index":"index","follow":"follow","max-snippet":"max-snippet:-1","max-image-preview":"max-image-preview:large","max-video-preview":"max-video-preview:-1"},"canonical":"https:\/\/conseil-couples-education-affective-jeunes.fr\/index.php\/me-contacter\/","og_locale":"fr_FR","og_type":"article","og_title":"Me contacter - Sophie DUBERN, Conseil Conjugal et Education Affective","og_description":"Accompagnement individuel ou en couple, enfants, ados, personnes c\u00e9libataires, veuves,... Pl\u00e9rin - St Brieuc le L\u00e9gu\u00e9, C\u00f4tes d'Armor - 22.","og_url":"https:\/\/conseil-couples-education-affective-jeunes.fr\/index.php\/me-contacter\/","og_site_name":"Sophie DUBERN, Conseil Conjugal et Education Affective","article_modified_time":"2023-03-15T17:22:23+00:00","og_image":[{"url":"http:\/\/conseil-couples-education-affective-jeunes.fr\/wp-content\/uploads\/2022\/04\/Photo-bureau-2-rotated.jpg","type":"","width":"","height":""}],"twitter_card":"summary_large_image","twitter_misc":{"Dur\u00e9e de lecture estim\u00e9e":"1 minute"},"schema":{"@context":"https:\/\/schema.org","@graph":[{"@type":"WebPage","@id":"https:\/\/conseil-couples-education-affective-jeunes.fr\/index.php\/me-contacter\/","url":"https:\/\/conseil-couples-education-affective-jeunes.fr\/index.php\/me-contacter\/","name":"Me contacter - Sophie DUBERN, Conseil Conjugal et Education Affective","isPartOf":{"@id":"https:\/\/conseil-couples-education-affective-jeunes.fr\/#website"},"primaryImageOfPage":{"@id":"https:\/\/conseil-couples-education-affective-jeunes.fr\/index.php\/me-contacter\/#primaryimage"},"image":{"@id":"https:\/\/conseil-couples-education-affective-jeunes.fr\/index.php\/me-contacter\/#primaryimage"},"thumbnailUrl":"http:\/\/conseil-couples-education-affective-jeunes.fr\/wp-content\/uploads\/2022\/04\/Photo-bureau-2-rotated.jpg","datePublished":"2022-04-02T07:20:48+00:00","dateModified":"2023-03-15T17:22:23+00:00","description":"Accompagnement individuel ou en couple, enfants, ados, personnes c\u00e9libataires, veuves,... Pl\u00e9rin - St Brieuc le L\u00e9gu\u00e9, C\u00f4tes d'Armor - 22.","breadcrumb":{"@id":"https:\/\/conseil-couples-education-affective-jeunes.fr\/index.php\/me-contacter\/#breadcrumb"},"inLanguage":"fr-FR","potentialAction":[{"@type":"ReadAction","target":["https:\/\/conseil-couples-education-affective-jeunes.fr\/index.php\/me-contacter\/"]}]},{"@type":"ImageObject","inLanguage":"fr-FR","@id":"https:\/\/conseil-couples-education-affective-jeunes.fr\/index.php\/me-contacter\/#primaryimage","url":"https:\/\/conseil-couples-education-affective-jeunes.fr\/wp-content\/uploads\/2022\/04\/Photo-bureau-2-rotated.jpg","contentUrl":"https:\/\/conseil-couples-education-affective-jeunes.fr\/wp-content\/uploads\/2022\/04\/Photo-bureau-2-rotated.jpg","width":443,"height":591},{"@type":"BreadcrumbList","@id":"https:\/\/conseil-couples-education-affective-jeunes.fr\/index.php\/me-contacter\/#breadcrumb","itemListElement":[{"@type":"ListItem","position":1,"name":"Accueil","item":"https:\/\/conseil-couples-education-affective-jeunes.fr\/"},{"@type":"ListItem","position":2,"name":"Me contacter"}]},{"@type":"WebSite","@id":"https:\/\/conseil-couples-education-affective-jeunes.fr\/#website","url":"https:\/\/conseil-couples-education-affective-jeunes.fr\/","name":"Sophie DUBERN, Conseil Conjugal et Education Affective","description":"Conseil Conjugal et Education Affective \u00e0 Pl\u00e9rin - Saint Brieuc (22)t","potentialAction":[{"@type":"SearchAction","target":{"@type":"EntryPoint","urlTemplate":"https:\/\/conseil-couples-education-affective-jeunes.fr\/?s={search_term_string}"},"query-input":{"@type":"PropertyValueSpecification","valueRequired":true,"valueName":"search_term_string"}}],"inLanguage":"fr-FR"}]}},"_links":{"self":[{"href":"https:\/\/conseil-couples-education-affective-jeunes.fr\/index.php\/wp-json\/wp\/v2\/pages\/36","targetHints":{"allow":["GET"]}}],"collection":[{"href":"https:\/\/conseil-couples-education-affective-jeunes.fr\/index.php\/wp-json\/wp\/v2\/pages"}],"about":[{"href":"https:\/\/conseil-couples-education-affective-jeunes.fr\/index.php\/wp-json\/wp\/v2\/types\/page"}],"author":[{"embeddable":true,"href":"https:\/\/conseil-couples-education-affective-jeunes.fr\/index.php\/wp-json\/wp\/v2\/users\/1"}],"replies":[{"embeddable":true,"href":"https:\/\/conseil-couples-education-affective-jeunes.fr\/index.php\/wp-json\/wp\/v2\/comments?post=36"}],"version-history":[{"count":35,"href":"https:\/\/conseil-couples-education-affective-jeunes.fr\/index.php\/wp-json\/wp\/v2\/pages\/36\/revisions"}],"predecessor-version":[{"id":1420,"href":"https:\/\/conseil-couples-education-affective-jeunes.fr\/index.php\/wp-json\/wp\/v2\/pages\/36\/revisions\/1420"}],"wp:attachment":[{"href":"https:\/\/conseil-couples-education-affective-jeunes.fr\/index.php\/wp-json\/wp\/v2\/media?parent=36"}],"curies":[{"name":"wp","href":"https:\/\/api.w.org\/{rel}","templated":true}]}}